{"id":7234,"date":"2019-06-11T09:55:30","date_gmt":"2019-06-11T07:55:30","guid":{"rendered":"https:\/\/www.faeteda.org\/?post_type=avada_faq&#038;p=7234"},"modified":"2019-07-10T11:49:18","modified_gmt":"2019-07-10T09:49:18","slug":"como-contratar-al-personal-artistico-y-tecnico-en-gira","status":"publish","type":"avada_faq","link":"https:\/\/ubicarte.faeteda.org\/en\/faq-items\/como-contratar-al-personal-artistico-y-tecnico-en-gira\/","title":{"rendered":"\u00bfC\u00f3mo cotizan las dietas en gira de los espect\u00e1culos?"},"content":{"rendered":"<p>Para las giras de espect\u00e1culos se contrata al personal art\u00edstico y t\u00e9cnico habitualmente en la modalidad <strong>por obra o servicio determinado (modelo de contrato 401)<\/strong>.<\/p>\n<p><strong>Este tipo de contrataci\u00f3n tiene norma establecida por Ley por lo que respecta a la exenci\u00f3n de cotizaci\u00f3n y tributaci\u00f3n de las dietas de manutenci\u00f3n, alojamiento y desplazamiento: el centro de trabajo es el del lugar de la actuaci\u00f3n. Es importante destacar que cuando opera este tipo de contrato (por obra o servicio) el centro de trabajo es el lugar de la actuaci\u00f3n. No es aplicable a los contratos fijos o fijos discontinuos.<\/strong><\/p>\n<p>Dentro de esta modalidad de contrato por obra o servicio tenemos dos supuestos:<\/p>\n<p>a) <strong>Se contrata al personal para hacer un bolo, un d\u00eda o varios, en una determinada localidad.<\/strong> En este supuesto, se considera que el centro de trabajo es el lugar para el que se contrata, por lo tanto, no existe desplazamiento a efecto de dietas. Si se pagan, han de tributar en IRPF y se tienen que integrar en la base de cotizaci\u00f3n a la seguridad social.<\/p>\n<p>b) <strong>Se contrata al personal para que haga una gira y act\u00fae en diferentes localidades consecutivas.<\/strong> En este caso, se considera que el <strong>centro de trabajo es itinerante<\/strong> y, por ello, la normativa del IRPF establece su exenci\u00f3n en IRPF, siempre que no superen los l\u00edmites establecidos (media dieta 26,67 \u20ac \/ dieta completa 53,34 \u20ac y estancia -hotel- por lo que se justifique). Estas dietas tambi\u00e9n est\u00e1n excluidas de cotizaci\u00f3n a la seguridad social, tal como establece el Reglamento de cotizaci\u00f3n, el cual se remite a la regulaci\u00f3n del IRPF. El requisito imprescindible es que todas las localidades itinerantes han de ser diferentes al domicilio habitual del trabajador.<\/p>\n<p>Existe una <strong>Sentencia del Tribunal Supremo<\/strong>, que es la que ha marcado la interpretaci\u00f3n de centro de trabajo itinerante, STS de 14\/12\/2011 \/rec 4168\/2009.<\/p>\n<p><strong>NORMATIVA APLICABLE:<\/strong><\/p>\n<p><a href=\"https:\/\/www.boe.es\/buscar\/pdf\/1996\/BOE-A-1996-1579-consolidado.pdf\" target=\"_blank\" rel=\"noopener noreferrer\">Real Decreto 2064\/1995, de 22 de diciembre<\/a>, por el que se aprueba el Reglamento General sobre Cotizaci\u00f3n y Liquidaci\u00f3n de otros Derechos de la Seguridad Social.<\/p>\n<p><strong>Art\u00edculo 23. Base de cotizaci\u00f3n.<\/strong><\/p>\n<p>a) No se computar\u00e1n en la base de cotizaci\u00f3n las cantidades destinadas por el empresario a compensar los gastos normales de manutenci\u00f3n y estancia en restaurantes, hoteles y dem\u00e1s establecimientos de hosteler\u00eda, devengadas por gastos en municipio distinto del lugar del trabajo habitual del trabajador y del que constituya su residencia, cuando los mismos se hallen exceptuados de gravamen conforme a los apartados 3, 4, 5 y 6 del art\u00edculo 9.A) del Reglamento del Impuesto sobre la Renta de las Personas F\u00edsicas, aprobado por el Real Decreto 439\/2007, de 30 de marzo.<\/p>\n<p><a href=\"https:\/\/www.boe.es\/buscar\/doc.php?id=BOE-A-2007-6820\" target=\"_blank\" rel=\"noopener noreferrer\">Real Decreto 439\/2007, de 30 de marzo<\/a>, por el que se aprueba el Reglamento del Impuesto sobre la Renta de las Personas F\u00edsicas.<\/p>\n<p><strong>Art\u00edculo 9. Dietas y asignaciones para gastos de locomoci\u00f3n y gastos normales de manutenci\u00f3n y estancia.<\/strong><\/p>\n<p>Dietas exceptuadas de tributaci\u00f3n (\u2026) 4. El r\u00e9gimen previsto en los apartados anteriores ser\u00e1 tambi\u00e9n aplicable a las asignaciones para gastos de locomoci\u00f3n, manutenci\u00f3n y estancia que perciban los trabajadores contratados espec\u00edficamente para prestar sus servicios en empresas con <strong>centros de trabajo m\u00f3viles o itinerantes, siempre que aquellas asignaciones correspondan a desplazamientos a municipio distinto del que constituya la residencia habitual del trabajador.<\/strong><\/p>\n<p>Recomendamos introducir este concepto de &#8220;centro de trabajo itinerante&#8221; en todos los convenios colectivos que afecten a los artistas y a los t\u00e9cnicos y personal auxiliar, as\u00ed como en los contratos laborales de estos trabajadores (artistas y t\u00e9cnicos).<\/p>\n<p>Un ejemplo ser\u00eda:<\/p>\n<p><em>&#8220;Este contrato contempla la realizaci\u00f3n de una gira con funciones en varias localidades, por lo que el centro de trabajo es itinerante a los efectos de exenci\u00f3n de cotizaci\u00f3n y de tributaci\u00f3n de las dietas de manutenci\u00f3n, alojamiento y locomoci\u00f3n, siempre que las actuaciones se realicen en municipios distintos al que constituye la residencia habitual del trabajador&#8221;<\/em>.<\/p>\n","protected":false},"excerpt":{"rendered":"<p>Para las giras de espect\u00e1culos se contrata al personal art\u00edstico y t\u00e9cnico habitualmente en la modalidad por obra o servicio determinado (modelo de contrato 401). Este tipo de contrataci\u00f3n tiene norma establecida por Ley por lo que respecta  [&#8230;]<\/p>\n","protected":false},"author":5,"featured_media":0,"menu_order":0,"comment_status":"closed","ping_status":"closed","template":"","format":"standard","meta":{"footnotes":""},"faq_category":[322],"class_list":["post-7234","avada_faq","type-avada_faq","status-publish","format-standard","hentry","faq_category-asesoria-juridica"],"yoast_head":"<!-- This site is optimized with the Yoast SEO plugin v27.5 - https:\/\/yoast.com\/product\/yoast-seo-wordpress\/ -->\n<title>\u00bfC\u00f3mo cotizan las dietas en gira de los espect\u00e1culos? - Ubicarte<\/title>\n<meta name=\"robots\" content=\"index, follow, max-snippet:-1, max-image-preview:large, max-video-preview:-1\" \/>\n<link rel=\"canonical\" href=\"https:\/\/ubicarte.faeteda.org\/en\/faq-items\/como-contratar-al-personal-artistico-y-tecnico-en-gira\/\" \/>\n<meta property=\"og:locale\" content=\"en_US\" \/>\n<meta property=\"og:type\" content=\"article\" \/>\n<meta property=\"og:title\" content=\"\u00bfC\u00f3mo cotizan las dietas en gira de los espect\u00e1culos? - Ubicarte\" \/>\n<meta property=\"og:description\" content=\"Para las giras de espect\u00e1culos se contrata al personal art\u00edstico y t\u00e9cnico habitualmente en la modalidad por obra o servicio determinado (modelo de contrato 401). Este tipo de contrataci\u00f3n tiene norma establecida por Ley por lo que respecta [...]\" \/>\n<meta property=\"og:url\" content=\"https:\/\/ubicarte.faeteda.org\/en\/faq-items\/como-contratar-al-personal-artistico-y-tecnico-en-gira\/\" \/>\n<meta property=\"og:site_name\" content=\"Ubicarte\" \/>\n<meta property=\"article:modified_time\" content=\"2019-07-10T09:49:18+00:00\" \/>\n<meta name=\"twitter:card\" content=\"summary_large_image\" \/>\n<meta name=\"twitter:label1\" content=\"Est. reading time\" \/>\n\t<meta name=\"twitter:data1\" content=\"3 minutes\" \/>\n<script type=\"application\/ld+json\" class=\"yoast-schema-graph\">{\"@context\":\"https:\\\/\\\/schema.org\",\"@graph\":[{\"@type\":\"WebPage\",\"@id\":\"https:\\\/\\\/ubicarte.faeteda.org\\\/en\\\/faq-items\\\/como-contratar-al-personal-artistico-y-tecnico-en-gira\\\/\",\"url\":\"https:\\\/\\\/ubicarte.faeteda.org\\\/en\\\/faq-items\\\/como-contratar-al-personal-artistico-y-tecnico-en-gira\\\/\",\"name\":\"\u00bfC\u00f3mo cotizan las dietas en gira de los espect\u00e1culos? - Ubicarte\",\"isPartOf\":{\"@id\":\"https:\\\/\\\/ubicarte.faeteda.org\\\/en\\\/#website\"},\"datePublished\":\"2019-06-11T07:55:30+00:00\",\"dateModified\":\"2019-07-10T09:49:18+00:00\",\"breadcrumb\":{\"@id\":\"https:\\\/\\\/ubicarte.faeteda.org\\\/en\\\/faq-items\\\/como-contratar-al-personal-artistico-y-tecnico-en-gira\\\/#breadcrumb\"},\"inLanguage\":\"en-US\",\"potentialAction\":[{\"@type\":\"ReadAction\",\"target\":[\"https:\\\/\\\/ubicarte.faeteda.org\\\/en\\\/faq-items\\\/como-contratar-al-personal-artistico-y-tecnico-en-gira\\\/\"]}]},{\"@type\":\"BreadcrumbList\",\"@id\":\"https:\\\/\\\/ubicarte.faeteda.org\\\/en\\\/faq-items\\\/como-contratar-al-personal-artistico-y-tecnico-en-gira\\\/#breadcrumb\",\"itemListElement\":[{\"@type\":\"ListItem\",\"position\":1,\"name\":\"Portada\",\"item\":\"https:\\\/\\\/ubicarte.faeteda.org\\\/en\\\/\"},{\"@type\":\"ListItem\",\"position\":2,\"name\":\"FAQs\",\"item\":\"https:\\\/\\\/ubicarte.faeteda.org\\\/en\\\/faq-items\\\/\"},{\"@type\":\"ListItem\",\"position\":3,\"name\":\"\u00bfC\u00f3mo cotizan las dietas en gira de los espect\u00e1culos?\"}]},{\"@type\":\"WebSite\",\"@id\":\"https:\\\/\\\/ubicarte.faeteda.org\\\/en\\\/#website\",\"url\":\"https:\\\/\\\/ubicarte.faeteda.org\\\/en\\\/\",\"name\":\"Ubicarte Faeteda\",\"description\":\"Mapa interactivo de las artes esc\u00e9nicas y de la m\u00fasica en Espa\u00f1a\",\"publisher\":{\"@id\":\"https:\\\/\\\/ubicarte.faeteda.org\\\/en\\\/#organization\"},\"potentialAction\":[{\"@type\":\"SearchAction\",\"target\":{\"@type\":\"EntryPoint\",\"urlTemplate\":\"https:\\\/\\\/ubicarte.faeteda.org\\\/en\\\/?s={search_term_string}\"},\"query-input\":{\"@type\":\"PropertyValueSpecification\",\"valueRequired\":true,\"valueName\":\"search_term_string\"}}],\"inLanguage\":\"en-US\"},{\"@type\":\"Organization\",\"@id\":\"https:\\\/\\\/ubicarte.faeteda.org\\\/en\\\/#organization\",\"name\":\"Ubicarte Faeteda\",\"url\":\"https:\\\/\\\/ubicarte.faeteda.org\\\/en\\\/\",\"logo\":{\"@type\":\"ImageObject\",\"inLanguage\":\"en-US\",\"@id\":\"https:\\\/\\\/ubicarte.faeteda.org\\\/en\\\/#\\\/schema\\\/logo\\\/image\\\/\",\"url\":\"https:\\\/\\\/ubicarte.faeteda.org\\\/wp-content\\\/uploads\\\/2021\\\/06\\\/Ubicarte.jpg\",\"contentUrl\":\"https:\\\/\\\/ubicarte.faeteda.org\\\/wp-content\\\/uploads\\\/2021\\\/06\\\/Ubicarte.jpg\",\"width\":372,\"height\":52,\"caption\":\"Ubicarte Faeteda\"},\"image\":{\"@id\":\"https:\\\/\\\/ubicarte.faeteda.org\\\/en\\\/#\\\/schema\\\/logo\\\/image\\\/\"}}]}<\/script>\n<!-- \/ Yoast SEO plugin. -->","yoast_head_json":{"title":"\u00bfC\u00f3mo cotizan las dietas en gira de los espect\u00e1culos? - Ubicarte","robots":{"index":"index","follow":"follow","max-snippet":"max-snippet:-1","max-image-preview":"max-image-preview:large","max-video-preview":"max-video-preview:-1"},"canonical":"https:\/\/ubicarte.faeteda.org\/en\/faq-items\/como-contratar-al-personal-artistico-y-tecnico-en-gira\/","og_locale":"en_US","og_type":"article","og_title":"\u00bfC\u00f3mo cotizan las dietas en gira de los espect\u00e1culos? - Ubicarte","og_description":"Para las giras de espect\u00e1culos se contrata al personal art\u00edstico y t\u00e9cnico habitualmente en la modalidad por obra o servicio determinado (modelo de contrato 401). Este tipo de contrataci\u00f3n tiene norma establecida por Ley por lo que respecta [...]","og_url":"https:\/\/ubicarte.faeteda.org\/en\/faq-items\/como-contratar-al-personal-artistico-y-tecnico-en-gira\/","og_site_name":"Ubicarte","article_modified_time":"2019-07-10T09:49:18+00:00","twitter_card":"summary_large_image","twitter_misc":{"Est. reading time":"3 minutes"},"schema":{"@context":"https:\/\/schema.org","@graph":[{"@type":"WebPage","@id":"https:\/\/ubicarte.faeteda.org\/en\/faq-items\/como-contratar-al-personal-artistico-y-tecnico-en-gira\/","url":"https:\/\/ubicarte.faeteda.org\/en\/faq-items\/como-contratar-al-personal-artistico-y-tecnico-en-gira\/","name":"\u00bfC\u00f3mo cotizan las dietas en gira de los espect\u00e1culos? - Ubicarte","isPartOf":{"@id":"https:\/\/ubicarte.faeteda.org\/en\/#website"},"datePublished":"2019-06-11T07:55:30+00:00","dateModified":"2019-07-10T09:49:18+00:00","breadcrumb":{"@id":"https:\/\/ubicarte.faeteda.org\/en\/faq-items\/como-contratar-al-personal-artistico-y-tecnico-en-gira\/#breadcrumb"},"inLanguage":"en-US","potentialAction":[{"@type":"ReadAction","target":["https:\/\/ubicarte.faeteda.org\/en\/faq-items\/como-contratar-al-personal-artistico-y-tecnico-en-gira\/"]}]},{"@type":"BreadcrumbList","@id":"https:\/\/ubicarte.faeteda.org\/en\/faq-items\/como-contratar-al-personal-artistico-y-tecnico-en-gira\/#breadcrumb","itemListElement":[{"@type":"ListItem","position":1,"name":"Portada","item":"https:\/\/ubicarte.faeteda.org\/en\/"},{"@type":"ListItem","position":2,"name":"FAQs","item":"https:\/\/ubicarte.faeteda.org\/en\/faq-items\/"},{"@type":"ListItem","position":3,"name":"\u00bfC\u00f3mo cotizan las dietas en gira de los espect\u00e1culos?"}]},{"@type":"WebSite","@id":"https:\/\/ubicarte.faeteda.org\/en\/#website","url":"https:\/\/ubicarte.faeteda.org\/en\/","name":"Ubicarte Faeteda","description":"Mapa interactivo de las artes esc\u00e9nicas y de la m\u00fasica en Espa\u00f1a","publisher":{"@id":"https:\/\/ubicarte.faeteda.org\/en\/#organization"},"potentialAction":[{"@type":"SearchAction","target":{"@type":"EntryPoint","urlTemplate":"https:\/\/ubicarte.faeteda.org\/en\/?s={search_term_string}"},"query-input":{"@type":"PropertyValueSpecification","valueRequired":true,"valueName":"search_term_string"}}],"inLanguage":"en-US"},{"@type":"Organization","@id":"https:\/\/ubicarte.faeteda.org\/en\/#organization","name":"Ubicarte Faeteda","url":"https:\/\/ubicarte.faeteda.org\/en\/","logo":{"@type":"ImageObject","inLanguage":"en-US","@id":"https:\/\/ubicarte.faeteda.org\/en\/#\/schema\/logo\/image\/","url":"https:\/\/ubicarte.faeteda.org\/wp-content\/uploads\/2021\/06\/Ubicarte.jpg","contentUrl":"https:\/\/ubicarte.faeteda.org\/wp-content\/uploads\/2021\/06\/Ubicarte.jpg","width":372,"height":52,"caption":"Ubicarte Faeteda"},"image":{"@id":"https:\/\/ubicarte.faeteda.org\/en\/#\/schema\/logo\/image\/"}}]}},"_links":{"self":[{"href":"https:\/\/ubicarte.faeteda.org\/en\/wp-json\/wp\/v2\/avada_faq\/7234","targetHints":{"allow":["GET"]}}],"collection":[{"href":"https:\/\/ubicarte.faeteda.org\/en\/wp-json\/wp\/v2\/avada_faq"}],"about":[{"href":"https:\/\/ubicarte.faeteda.org\/en\/wp-json\/wp\/v2\/types\/avada_faq"}],"author":[{"embeddable":true,"href":"https:\/\/ubicarte.faeteda.org\/en\/wp-json\/wp\/v2\/users\/5"}],"replies":[{"embeddable":true,"href":"https:\/\/ubicarte.faeteda.org\/en\/wp-json\/wp\/v2\/comments?post=7234"}],"version-history":[{"count":0,"href":"https:\/\/ubicarte.faeteda.org\/en\/wp-json\/wp\/v2\/avada_faq\/7234\/revisions"}],"wp:attachment":[{"href":"https:\/\/ubicarte.faeteda.org\/en\/wp-json\/wp\/v2\/media?parent=7234"}],"wp:term":[{"taxonomy":"faq_category","embeddable":true,"href":"https:\/\/ubicarte.faeteda.org\/en\/wp-json\/wp\/v2\/faq_category?post=7234"}],"curies":[{"name":"wp","href":"https:\/\/api.w.org\/{rel}","templated":true}]}}