{"id":6383,"date":"2019-04-09T11:59:14","date_gmt":"2019-04-09T09:59:14","guid":{"rendered":"https:\/\/www.faeteda.org\/?post_type=avada_faq&#038;p=6383"},"modified":"2019-07-10T12:11:04","modified_gmt":"2019-07-10T10:11:04","slug":"hay-recargo-en-contratos-de-personal-tecnico-produccion-inferior-a-5-dias","status":"publish","type":"avada_faq","link":"https:\/\/ubicarte.faeteda.org\/en\/faq-items\/hay-recargo-en-contratos-de-personal-tecnico-produccion-inferior-a-5-dias\/","title":{"rendered":"\u00bfHay recargo en contratos inferiores a 5 d\u00edas de personal t\u00e9cnico\/producci\u00f3n?"},"content":{"rendered":"<p>La exclusi\u00f3n de recargo en los contratos inferiores a 5 d\u00edas solo se contempla para los trabajadores de alta en Cuenta de cotizaci\u00f3n con R\u00c9GIMEN 0112 \u2013 ARTISTAS. Al personal contratado en R\u00e9gimen general \u2013R\u00c9GIMEN 0111\u2013 s\u00ed le ser\u00e1 de aplicaci\u00f3n el recargo del 40% en contratos de duraci\u00f3n igual o inferior a 5 d\u00edas.<\/p>\n<p>En el colectivo de artistas, para el resto del personal que interviene en un bolo, el <a href=\"https:\/\/www.boe.es\/buscar\/doc.php?id=BOE-A-1985-17303\" target=\"_blank\" rel=\"noopener noreferrer\">RD 1435\/1985<\/a>, que regula la relaci\u00f3n laboral especial de artistas en espect\u00e1culos p\u00fablicos, establece en su art\u00edculo 5 lo siguiente: <em><strong>&#8220;Las presentes normas no ser\u00e1n de aplicaci\u00f3n a las relaciones laborales del personal t\u00e9cnico y auxiliar que colabore en la producci\u00f3n de espect\u00e1culos.&#8221;<\/strong><\/em>\u00a0Por tanto, el personal t\u00e9cnico y de producci\u00f3n deber\u00e1 encuadrarse en r\u00e9gimen general \u2013R\u00c9GIMEN 0111\u2013, con la consecuente aplicaci\u00f3n del recargo del 40% en aquellos contratos de duraci\u00f3n igual o inferior a cinco d\u00edas. Esta es la norma vigente y aplicable.<\/p>\n<p>En las modificaciones al <a href=\"https:\/\/www.boe.es\/buscar\/doc.php?id=BOE-A-1985-17303\" target=\"_blank\" rel=\"noopener noreferrer\">RD 1435\/1985<\/a> hay voluntad de que el personal t\u00e9cnico y auxiliar &#8220;temporal&#8221; (es decir, no de plantilla) pueda ser beneficiario de exenciones que afectan al colectivo de artistas, como la &#8220;no&#8221; aplicaci\u00f3n del recargo, al no ser nuestra temporalidad fraudulenta, sino consustancial a nuestra actividad que depende del \u00e9xito y duraci\u00f3n de los espect\u00e1culos. Pero no est\u00e1 aprobada la modificaci\u00f3n.<\/p>\n","protected":false},"excerpt":{"rendered":"<p>La exclusi\u00f3n de recargo en los contratos inferiores a 5 d\u00edas solo se contempla para los trabajadores de alta en Cuenta de cotizaci\u00f3n con R\u00c9GIMEN 0112 \u2013 ARTISTAS. Al personal contratado en R\u00e9gimen general \u2013R\u00c9GIMEN 0111\u2013 s\u00ed le  [&#8230;]<\/p>\n","protected":false},"author":5,"featured_media":0,"menu_order":0,"comment_status":"closed","ping_status":"closed","template":"","format":"standard","meta":{"footnotes":""},"faq_category":[322],"class_list":["post-6383","avada_faq","type-avada_faq","status-publish","format-standard","hentry","faq_category-asesoria-juridica"],"yoast_head":"<!-- This site is optimized with the Yoast SEO plugin v27.5 - https:\/\/yoast.com\/product\/yoast-seo-wordpress\/ -->\n<title>\u00bfHay recargo en contratos inferiores a 5 d\u00edas de personal t\u00e9cnico\/producci\u00f3n? - Ubicarte<\/title>\n<meta name=\"robots\" content=\"index, follow, max-snippet:-1, max-image-preview:large, max-video-preview:-1\" \/>\n<link rel=\"canonical\" href=\"https:\/\/ubicarte.faeteda.org\/en\/faq-items\/hay-recargo-en-contratos-de-personal-tecnico-produccion-inferior-a-5-dias\/\" \/>\n<meta property=\"og:locale\" content=\"en_US\" \/>\n<meta property=\"og:type\" content=\"article\" \/>\n<meta property=\"og:title\" content=\"\u00bfHay recargo en contratos inferiores a 5 d\u00edas de personal t\u00e9cnico\/producci\u00f3n? - Ubicarte\" \/>\n<meta property=\"og:description\" content=\"La exclusi\u00f3n de recargo en los contratos inferiores a 5 d\u00edas solo se contempla para los trabajadores de alta en Cuenta de cotizaci\u00f3n con R\u00c9GIMEN 0112 \u2013 ARTISTAS. Al personal contratado en R\u00e9gimen general \u2013R\u00c9GIMEN 0111\u2013 s\u00ed le [...]\" \/>\n<meta property=\"og:url\" content=\"https:\/\/ubicarte.faeteda.org\/en\/faq-items\/hay-recargo-en-contratos-de-personal-tecnico-produccion-inferior-a-5-dias\/\" \/>\n<meta property=\"og:site_name\" content=\"Ubicarte\" \/>\n<meta property=\"article:modified_time\" content=\"2019-07-10T10:11:04+00:00\" \/>\n<meta name=\"twitter:card\" content=\"summary_large_image\" \/>\n<meta name=\"twitter:label1\" content=\"Est. reading time\" \/>\n\t<meta name=\"twitter:data1\" content=\"1 minute\" \/>\n<script type=\"application\/ld+json\" class=\"yoast-schema-graph\">{\"@context\":\"https:\\\/\\\/schema.org\",\"@graph\":[{\"@type\":\"WebPage\",\"@id\":\"https:\\\/\\\/ubicarte.faeteda.org\\\/en\\\/faq-items\\\/hay-recargo-en-contratos-de-personal-tecnico-produccion-inferior-a-5-dias\\\/\",\"url\":\"https:\\\/\\\/ubicarte.faeteda.org\\\/en\\\/faq-items\\\/hay-recargo-en-contratos-de-personal-tecnico-produccion-inferior-a-5-dias\\\/\",\"name\":\"\u00bfHay recargo en contratos inferiores a 5 d\u00edas de personal t\u00e9cnico\\\/producci\u00f3n? - Ubicarte\",\"isPartOf\":{\"@id\":\"https:\\\/\\\/ubicarte.faeteda.org\\\/en\\\/#website\"},\"datePublished\":\"2019-04-09T09:59:14+00:00\",\"dateModified\":\"2019-07-10T10:11:04+00:00\",\"breadcrumb\":{\"@id\":\"https:\\\/\\\/ubicarte.faeteda.org\\\/en\\\/faq-items\\\/hay-recargo-en-contratos-de-personal-tecnico-produccion-inferior-a-5-dias\\\/#breadcrumb\"},\"inLanguage\":\"en-US\",\"potentialAction\":[{\"@type\":\"ReadAction\",\"target\":[\"https:\\\/\\\/ubicarte.faeteda.org\\\/en\\\/faq-items\\\/hay-recargo-en-contratos-de-personal-tecnico-produccion-inferior-a-5-dias\\\/\"]}]},{\"@type\":\"BreadcrumbList\",\"@id\":\"https:\\\/\\\/ubicarte.faeteda.org\\\/en\\\/faq-items\\\/hay-recargo-en-contratos-de-personal-tecnico-produccion-inferior-a-5-dias\\\/#breadcrumb\",\"itemListElement\":[{\"@type\":\"ListItem\",\"position\":1,\"name\":\"Portada\",\"item\":\"https:\\\/\\\/ubicarte.faeteda.org\\\/en\\\/\"},{\"@type\":\"ListItem\",\"position\":2,\"name\":\"FAQs\",\"item\":\"https:\\\/\\\/ubicarte.faeteda.org\\\/en\\\/faq-items\\\/\"},{\"@type\":\"ListItem\",\"position\":3,\"name\":\"\u00bfHay recargo en contratos inferiores a 5 d\u00edas de personal t\u00e9cnico\\\/producci\u00f3n?\"}]},{\"@type\":\"WebSite\",\"@id\":\"https:\\\/\\\/ubicarte.faeteda.org\\\/en\\\/#website\",\"url\":\"https:\\\/\\\/ubicarte.faeteda.org\\\/en\\\/\",\"name\":\"Ubicarte Faeteda\",\"description\":\"Mapa interactivo de las artes esc\u00e9nicas y de la m\u00fasica en Espa\u00f1a\",\"publisher\":{\"@id\":\"https:\\\/\\\/ubicarte.faeteda.org\\\/en\\\/#organization\"},\"potentialAction\":[{\"@type\":\"SearchAction\",\"target\":{\"@type\":\"EntryPoint\",\"urlTemplate\":\"https:\\\/\\\/ubicarte.faeteda.org\\\/en\\\/?s={search_term_string}\"},\"query-input\":{\"@type\":\"PropertyValueSpecification\",\"valueRequired\":true,\"valueName\":\"search_term_string\"}}],\"inLanguage\":\"en-US\"},{\"@type\":\"Organization\",\"@id\":\"https:\\\/\\\/ubicarte.faeteda.org\\\/en\\\/#organization\",\"name\":\"Ubicarte Faeteda\",\"url\":\"https:\\\/\\\/ubicarte.faeteda.org\\\/en\\\/\",\"logo\":{\"@type\":\"ImageObject\",\"inLanguage\":\"en-US\",\"@id\":\"https:\\\/\\\/ubicarte.faeteda.org\\\/en\\\/#\\\/schema\\\/logo\\\/image\\\/\",\"url\":\"https:\\\/\\\/ubicarte.faeteda.org\\\/wp-content\\\/uploads\\\/2021\\\/06\\\/Ubicarte.jpg\",\"contentUrl\":\"https:\\\/\\\/ubicarte.faeteda.org\\\/wp-content\\\/uploads\\\/2021\\\/06\\\/Ubicarte.jpg\",\"width\":372,\"height\":52,\"caption\":\"Ubicarte Faeteda\"},\"image\":{\"@id\":\"https:\\\/\\\/ubicarte.faeteda.org\\\/en\\\/#\\\/schema\\\/logo\\\/image\\\/\"}}]}<\/script>\n<!-- \/ Yoast SEO plugin. -->","yoast_head_json":{"title":"\u00bfHay recargo en contratos inferiores a 5 d\u00edas de personal t\u00e9cnico\/producci\u00f3n? - Ubicarte","robots":{"index":"index","follow":"follow","max-snippet":"max-snippet:-1","max-image-preview":"max-image-preview:large","max-video-preview":"max-video-preview:-1"},"canonical":"https:\/\/ubicarte.faeteda.org\/en\/faq-items\/hay-recargo-en-contratos-de-personal-tecnico-produccion-inferior-a-5-dias\/","og_locale":"en_US","og_type":"article","og_title":"\u00bfHay recargo en contratos inferiores a 5 d\u00edas de personal t\u00e9cnico\/producci\u00f3n? - Ubicarte","og_description":"La exclusi\u00f3n de recargo en los contratos inferiores a 5 d\u00edas solo se contempla para los trabajadores de alta en Cuenta de cotizaci\u00f3n con R\u00c9GIMEN 0112 \u2013 ARTISTAS. Al personal contratado en R\u00e9gimen general \u2013R\u00c9GIMEN 0111\u2013 s\u00ed le [...]","og_url":"https:\/\/ubicarte.faeteda.org\/en\/faq-items\/hay-recargo-en-contratos-de-personal-tecnico-produccion-inferior-a-5-dias\/","og_site_name":"Ubicarte","article_modified_time":"2019-07-10T10:11:04+00:00","twitter_card":"summary_large_image","twitter_misc":{"Est. reading time":"1 minute"},"schema":{"@context":"https:\/\/schema.org","@graph":[{"@type":"WebPage","@id":"https:\/\/ubicarte.faeteda.org\/en\/faq-items\/hay-recargo-en-contratos-de-personal-tecnico-produccion-inferior-a-5-dias\/","url":"https:\/\/ubicarte.faeteda.org\/en\/faq-items\/hay-recargo-en-contratos-de-personal-tecnico-produccion-inferior-a-5-dias\/","name":"\u00bfHay recargo en contratos inferiores a 5 d\u00edas de personal t\u00e9cnico\/producci\u00f3n? - Ubicarte","isPartOf":{"@id":"https:\/\/ubicarte.faeteda.org\/en\/#website"},"datePublished":"2019-04-09T09:59:14+00:00","dateModified":"2019-07-10T10:11:04+00:00","breadcrumb":{"@id":"https:\/\/ubicarte.faeteda.org\/en\/faq-items\/hay-recargo-en-contratos-de-personal-tecnico-produccion-inferior-a-5-dias\/#breadcrumb"},"inLanguage":"en-US","potentialAction":[{"@type":"ReadAction","target":["https:\/\/ubicarte.faeteda.org\/en\/faq-items\/hay-recargo-en-contratos-de-personal-tecnico-produccion-inferior-a-5-dias\/"]}]},{"@type":"BreadcrumbList","@id":"https:\/\/ubicarte.faeteda.org\/en\/faq-items\/hay-recargo-en-contratos-de-personal-tecnico-produccion-inferior-a-5-dias\/#breadcrumb","itemListElement":[{"@type":"ListItem","position":1,"name":"Portada","item":"https:\/\/ubicarte.faeteda.org\/en\/"},{"@type":"ListItem","position":2,"name":"FAQs","item":"https:\/\/ubicarte.faeteda.org\/en\/faq-items\/"},{"@type":"ListItem","position":3,"name":"\u00bfHay recargo en contratos inferiores a 5 d\u00edas de personal t\u00e9cnico\/producci\u00f3n?"}]},{"@type":"WebSite","@id":"https:\/\/ubicarte.faeteda.org\/en\/#website","url":"https:\/\/ubicarte.faeteda.org\/en\/","name":"Ubicarte Faeteda","description":"Mapa interactivo de las artes esc\u00e9nicas y de la m\u00fasica en Espa\u00f1a","publisher":{"@id":"https:\/\/ubicarte.faeteda.org\/en\/#organization"},"potentialAction":[{"@type":"SearchAction","target":{"@type":"EntryPoint","urlTemplate":"https:\/\/ubicarte.faeteda.org\/en\/?s={search_term_string}"},"query-input":{"@type":"PropertyValueSpecification","valueRequired":true,"valueName":"search_term_string"}}],"inLanguage":"en-US"},{"@type":"Organization","@id":"https:\/\/ubicarte.faeteda.org\/en\/#organization","name":"Ubicarte Faeteda","url":"https:\/\/ubicarte.faeteda.org\/en\/","logo":{"@type":"ImageObject","inLanguage":"en-US","@id":"https:\/\/ubicarte.faeteda.org\/en\/#\/schema\/logo\/image\/","url":"https:\/\/ubicarte.faeteda.org\/wp-content\/uploads\/2021\/06\/Ubicarte.jpg","contentUrl":"https:\/\/ubicarte.faeteda.org\/wp-content\/uploads\/2021\/06\/Ubicarte.jpg","width":372,"height":52,"caption":"Ubicarte Faeteda"},"image":{"@id":"https:\/\/ubicarte.faeteda.org\/en\/#\/schema\/logo\/image\/"}}]}},"_links":{"self":[{"href":"https:\/\/ubicarte.faeteda.org\/en\/wp-json\/wp\/v2\/avada_faq\/6383","targetHints":{"allow":["GET"]}}],"collection":[{"href":"https:\/\/ubicarte.faeteda.org\/en\/wp-json\/wp\/v2\/avada_faq"}],"about":[{"href":"https:\/\/ubicarte.faeteda.org\/en\/wp-json\/wp\/v2\/types\/avada_faq"}],"author":[{"embeddable":true,"href":"https:\/\/ubicarte.faeteda.org\/en\/wp-json\/wp\/v2\/users\/5"}],"replies":[{"embeddable":true,"href":"https:\/\/ubicarte.faeteda.org\/en\/wp-json\/wp\/v2\/comments?post=6383"}],"version-history":[{"count":0,"href":"https:\/\/ubicarte.faeteda.org\/en\/wp-json\/wp\/v2\/avada_faq\/6383\/revisions"}],"wp:attachment":[{"href":"https:\/\/ubicarte.faeteda.org\/en\/wp-json\/wp\/v2\/media?parent=6383"}],"wp:term":[{"taxonomy":"faq_category","embeddable":true,"href":"https:\/\/ubicarte.faeteda.org\/en\/wp-json\/wp\/v2\/faq_category?post=6383"}],"curies":[{"name":"wp","href":"https:\/\/api.w.org\/{rel}","templated":true}]}}